{"id":15329,"date":"2014-11-05T14:23:34","date_gmt":"2014-11-05T14:23:34","guid":{"rendered":"http:\/\/demo.qodeinteractive.com\/bridge50\/?page_id=15329"},"modified":"2024-05-28T02:48:25","modified_gmt":"2024-05-28T02:48:25","slug":"nosotros","status":"publish","type":"page","link":"https:\/\/margules.com\/es\/nosotros\/","title":{"rendered":"Nosotros"},"content":{"rendered":"<p>[vc_row css_animation=\u00bb\u00bb row_type=\u00bbrow\u00bb use_row_as_full_screen_section=\u00bbno\u00bb type=\u00bbgrid\u00bb angled_section=\u00bbno\u00bb text_align=\u00bbleft\u00bb background_image_as_pattern=\u00bbwithout_pattern\u00bb padding_bottom=\u00bb56&#8243;][vc_column][vc_single_image image=\u00bb16219&#8243; img_size=\u00bbfull\u00bb alignment=\u00bbcenter\u00bb qode_css_animation=\u00bb\u00bb][vc_separator type=\u00bbtransparent\u00bb up=\u00bb35&#8243; down=\u00bb0&#8243;][vc_column_text]<\/p>\n<h2 style=\"text-align: left;\">Nuestra historia<\/h2>\n<p>[\/vc_column_text][vc_separator type=\u00bbtransparent\u00bb up=\u00bb30&#8243; down=\u00bb0&#8243;][\/vc_column][\/vc_row][vc_row css_animation=\u00bb\u00bb row_type=\u00bbrow\u00bb use_row_as_full_screen_section=\u00bbno\u00bb type=\u00bbgrid\u00bb angled_section=\u00bbno\u00bb text_align=\u00bbleft\u00bb background_image_as_pattern=\u00bbwithout_pattern\u00bb z_index=\u00bb\u00bb][vc_column][vc_column_text]<span style=\"font-weight: 400;\">\u00a0<\/span><span style=\"font-weight: 400;\">M\u00e1s de 90 a\u00f1os implementando nuestra tecnolog\u00eda con especial atenci\u00f3n al dise\u00f1o y la innovaci\u00f3n.<\/span> Actualmente somos la cuarta generaci\u00f3n de ingenieros y artesanos consagrados a desafiar los l\u00edmites en materia de audio.<\/p>\n<p>&nbsp;<\/p>\n<p>Cada pieza de nuestro cat\u00e1logo se fabrica artesanalmente con los mejores componentes e implementando nuestras innovaciones, espec\u00edficamente la tecnolog\u00eda ANA\u00ae (Alineaci\u00f3n Neuro-Ac\u00fastica), que se concentra en los sonidos inmediatos y cercanos y crea un v\u00ednculo entre ellos y el ser humano.<\/p>\n<p>&nbsp;<\/p>\n<p>Hemos concentrado nuestro conocimiento y talento\u00a0 en el dise\u00f1o y la fabricaci\u00f3n de equipos de audio hi-end, implementado nuestra propia propuesta tecnol\u00f3gica con el objetivo de brindarte una experiencia de escucha inmejorable.<\/p>\n<p>&nbsp;<\/p>\n<p>Implementamos nuestras propias innovaciones tecnol\u00f3gicas y, gracias a ello, la calidad en su reproducci\u00f3n de sonido y la marca MARGULES\u00ae\u00a0 son hoy una referencia en el mundo del audio hi-end.<\/p>\n<p>&nbsp;<\/p>\n<p>En MARGULES\u00ae tambi\u00e9n nos interesa la creaci\u00f3n de oasis sonoros, es por ello que generamos proyectos de ambientaci\u00f3n sonora integral, creando experiencias auditivas que cautivan y benefician la atm\u00f3sfera de los espacios.<\/p>\n<p>&nbsp;<\/p>\n<p>Nuestros sistemas de sonorizaci\u00f3n son reconocidos a nivel mundial. Tenemos las piezas perfectas y la experiencia necesarias para lograr una configuraci\u00f3n ideal para cada espacio.[\/vc_column_text][vc_empty_space][vc_separator type=\u00bbnormal\u00bb color=\u00bb#000000&#8243;][vc_empty_space][\/vc_column][\/vc_row][vc_row css_animation=\u00bb\u00bb row_type=\u00bbrow\u00bb use_row_as_full_screen_section=\u00bbno\u00bb type=\u00bbgrid\u00bb angled_section=\u00bbno\u00bb text_align=\u00bbleft\u00bb background_image_as_pattern=\u00bbwithout_pattern\u00bb z_index=\u00bb\u00bb][vc_column]<div class=\"q_counter_holder  left\" style=\"\"><span class=\"counter  zero\" style=\"color: #000000;font-size: 39px;font-weight: 400 Normal;\">1925<\/span><span class=\"separator small\" style=\"background-color: #000000;\"><\/span><\/div>[vc_column_text]<span style=\"font-weight: 400;\">Un rumor llega a o\u00eddos de un joven polaco: el Presidente de M\u00e9xico, <\/span><b>Plutarco El\u00edas Calles<\/b><span style=\"font-weight: 400;\">, requiere de ingenieros el\u00e9ctricos para completar su Plan Nacional de Electrificaci\u00f3n. Jacobo Margules ve ah\u00ed una oportunidad y el pretexto ideal para construir una nueva vida en Am\u00e9rica.<\/span><\/p>\n<p>&nbsp;<\/p>\n<p><span style=\"font-weight: 400;\">Pide un pr\u00e9stamo monetario a sus suegros y cruza el Atl\u00e1ntico acompa\u00f1ado s\u00f3lo por su esposa, sus sue\u00f1os y sus habilidades. Desembarca en el puerto de Veracruz y se traslada la ciudad de M\u00e9xico.<\/span><\/p>\n<p>&nbsp;<\/p>\n<p><span style=\"font-weight: 400;\">Su talento como ingeniero pronto es reconocido en tierras mexicanas y ayuda a consolidar algunas de las primeras radiodifusoras nacionales.\u00a0 En este pa\u00eds nuestro nombre est\u00e1 ligado a la reproducci\u00f3n de m\u00fasica desde el origen.<\/span>[\/vc_column_text][vc_empty_space][vc_separator type=\u00bbnormal\u00bb color=\u00bb#000000&#8243;][vc_empty_space][\/vc_column][\/vc_row][vc_row css_animation=\u00bb\u00bb row_type=\u00bbrow\u00bb use_row_as_full_screen_section=\u00bbno\u00bb type=\u00bbgrid\u00bb angled_section=\u00bbno\u00bb text_align=\u00bbleft\u00bb background_image_as_pattern=\u00bbwithout_pattern\u00bb z_index=\u00bb\u00bb][vc_column]<div class=\"q_counter_holder  left\" style=\"\"><span class=\"counter  zero\" style=\"color: #000000;font-size: 39px;font-weight: 400 Normal;\">1927<\/span><span class=\"separator small\" style=\"background-color: #000000;\"><\/span><\/div>[vc_column_text]<\/p>\n<p dir=\"ltr\">Adquiere r\u00e1pidamente la experiencia que necesita para dar un paso firme: compra un peque\u00f1o local llamado Emporio El\u00e9ctrico,\u00a0 en la Colonia Guerrero y se dedica a la vender art\u00edculos y herramientas para la industria radiof\u00f3nica. En poco tiempo lo convierte en el oasis en la ciudad de M\u00e9xico para los entusiastas y profesionales de la electr\u00f3nica.<\/p>\n<p>&nbsp;<\/p>\n<p dir=\"ltr\">Con el tiempo, este espacio se transforma en Casa Margules.<\/p>\n<p>[\/vc_column_text][vc_empty_space][vc_separator type=\u00bbnormal\u00bb color=\u00bb#000000&#8243;][vc_empty_space][\/vc_column][\/vc_row][vc_row css_animation=\u00bb\u00bb row_type=\u00bbrow\u00bb use_row_as_full_screen_section=\u00bbno\u00bb type=\u00bbgrid\u00bb angled_section=\u00bbno\u00bb text_align=\u00bbleft\u00bb background_image_as_pattern=\u00bbwithout_pattern\u00bb z_index=\u00bb\u00bb][vc_column]<div class=\"q_counter_holder  left\" style=\"\"><span class=\"counter  zero\" style=\"color: #000000;font-size: 39px;font-weight: 400 Normal;\">1954<\/span><span class=\"separator small\" style=\"background-color: #000000;\"><\/span><\/div>[vc_column_text]<\/p>\n<p dir=\"ltr\">Como resultado del \u00e9xito obtenido con casa Margules el negocio se ramifica: nace Radio Surtidora S.A. y tambi\u00e9n Tel-Rad, podr\u00edamos ubicar aqu\u00ed el nacimiento de nuestro legado, porque es aqu\u00ed cuando Margules entra al mundo de la fabricaci\u00f3n de instrumentos para la reproducci\u00f3n de m\u00fasica como gram\u00f3fonos, tocadiscos, amplificadores y altavoces.<\/p>\n<p>&nbsp;<\/p>\n<p dir=\"ltr\">Cuando la alta fidelidad comienza a ser posible nuestra se funda Marvox: nuestra propia marca de amplificadores a v\u00e1lvulas y altavoces.<\/p>\n<p>[\/vc_column_text][vc_empty_space][vc_separator type=\u00bbnormal\u00bb color=\u00bb#000000&#8243;][vc_empty_space][\/vc_column][\/vc_row][vc_row css_animation=\u00bb\u00bb row_type=\u00bbrow\u00bb use_row_as_full_screen_section=\u00bbno\u00bb type=\u00bbgrid\u00bb angled_section=\u00bbno\u00bb text_align=\u00bbleft\u00bb background_image_as_pattern=\u00bbwithout_pattern\u00bb z_index=\u00bb\u00bb][vc_column]<div class=\"q_counter_holder  left\" style=\"\"><span class=\"counter  zero\" style=\"color: #000000;font-size: 39px;font-weight: 400 Normal;\">1981<\/span><span class=\"separator small\" style=\"background-color: #000000;\"><\/span><\/div>[vc_column_text]La experiencia y el conocimiento se acumulan y durante esta \u00e9poca una nueva generaci\u00f3n inyecta frescura y nuevas ideas: Juli\u00e1n Margules, nieto de Jacobo, tiene la visi\u00f3n de usar componentes de la m\u00e1s alta calidad para implementar sus propias ideas, as\u00ed se gesta la l\u00ednea Magenta, la primera en incorporar sistemas de bi-amplificaci\u00f3n de alto desempe\u00f1o en M\u00e9xico.[\/vc_column_text][vc_empty_space][vc_separator type=\u00bbnormal\u00bb color=\u00bb#000000&#8243;][vc_empty_space][\/vc_column][\/vc_row][vc_row css_animation=\u00bb\u00bb row_type=\u00bbrow\u00bb use_row_as_full_screen_section=\u00bbno\u00bb type=\u00bbgrid\u00bb angled_section=\u00bbno\u00bb text_align=\u00bbleft\u00bb background_image_as_pattern=\u00bbwithout_pattern\u00bb z_index=\u00bb\u00bb][vc_column]<div class=\"q_counter_holder  left\" style=\"\"><span class=\"counter  zero\" style=\"color: #000000;font-size: 39px;font-weight: 400 Normal;\">1990<\/span><span class=\"separator small\" style=\"background-color: #000000;\"><\/span><\/div>[vc_column_text]<\/p>\n<p dir=\"ltr\">Despu\u00e9s de a\u00f1os de investigaci\u00f3n, Juli\u00e1n logra concretar todas sus ideas y experiencia en un proyecto que se ha convertido en ic\u00f3nico: El U-280, el primer servo control activo que permite el uso de bulbos de clase A sin ajuste y con una eficiencia t\u00e9rmica sin precedentes.<\/p>\n<p>&nbsp;<\/p>\n<p dir=\"ltr\">El U-280 ha sido galardonado a lo largo de dos d\u00e9cadas por la prensa especializada, durante ese periodo su tecnolog\u00eda ha permanecido evolucionando. Su calidad sin precedentes lo han convertido en un referente del audio hi-end a nivel mundial.<\/p>\n<p>&nbsp;<\/p>\n<p dir=\"ltr\">Al d\u00eda de hoy Margules contin\u00faa trabajando con pasi\u00f3n en tecnolog\u00edas innovadoras para reproducir m\u00fasica con un sonido natural y c\u00e1lido en sistemas con una est\u00e9tica \u00fanica.<\/p>\n<p>&nbsp;<\/p>\n<p dir=\"ltr\">Nuestra misi\u00f3n es clara: darle a la m\u00fasica el lugar que merece para habitar el espacio y a ti la mejor forma de disfrutarla.<\/p>\n<p>[\/vc_column_text][vc_empty_space][vc_separator type=\u00bbnormal\u00bb color=\u00bb#000000&#8243;][vc_empty_space][\/vc_column][\/vc_row][vc_row css_animation=\u00bb\u00bb row_type=\u00bbrow\u00bb use_row_as_full_screen_section=\u00bbno\u00bb type=\u00bbgrid\u00bb angled_section=\u00bbno\u00bb text_align=\u00bbleft\u00bb background_image_as_pattern=\u00bbwithout_pattern\u00bb z_index=\u00bb\u00bb][vc_column]<div class=\"q_counter_holder  left\" style=\"\"><span class=\"counter  zero\" style=\"color: #000000;font-size: 39px;font-weight: 400 Normal;\">2004<\/span><span class=\"separator small\" style=\"background-color: #000000;\"><\/span><\/div>[vc_column_text]<span style=\"font-weight: 400;\">Margules crea la primera interfaz para el iPod\u00ae de alto desempe\u00f1o con uno de los primeros paneles t\u00e1ctiles de campo electrost\u00e1tico en el mercado con control visual y programable, fuente shunt, y nuestro circuito proprietario ADE, present\u00e1ndose en el 2007 en\u00a0 el Consumer electronic Show de las Vegas y galardonado por NBC news como uno de los componentes destacados del show.<\/span>[\/vc_column_text][vc_empty_space][vc_separator type=\u00bbnormal\u00bb color=\u00bb#000000&#8243;][vc_empty_space][\/vc_column][\/vc_row][vc_row css_animation=\u00bb\u00bb row_type=\u00bbrow\u00bb use_row_as_full_screen_section=\u00bbno\u00bb type=\u00bbgrid\u00bb angled_section=\u00bbno\u00bb text_align=\u00bbleft\u00bb background_image_as_pattern=\u00bbwithout_pattern\u00bb z_index=\u00bb\u00bb][vc_column]<div class=\"q_counter_holder  left\" style=\"\"><span class=\"counter  zero\" style=\"color: #000000;font-size: 39px;font-weight: 400 Normal;\">2008<\/span><span class=\"separator small\" style=\"background-color: #000000;\"><\/span><\/div>[vc_column_text]<span style=\"font-weight: 400;\">Nuestro Amplificador U-280sc es galardonado como MOST WANTED COMPONENT (el componente m\u00e1s codiciado) \u00a0por la revista <\/span><i><span style=\"font-weight: 400;\">STEREO TIMES.<\/span><\/i>[\/vc_column_text][vc_empty_space][vc_separator type=\u00bbnormal\u00bb color=\u00bb#000000&#8243;][vc_empty_space][\/vc_column][\/vc_row][vc_row css_animation=\u00bb\u00bb row_type=\u00bbrow\u00bb use_row_as_full_screen_section=\u00bbno\u00bb type=\u00bbgrid\u00bb angled_section=\u00bbno\u00bb text_align=\u00bbleft\u00bb background_image_as_pattern=\u00bbwithout_pattern\u00bb z_index=\u00bb\u00bb][vc_column]<div class=\"q_counter_holder  left\" style=\"\"><span class=\"counter  zero\" style=\"color: #000000;font-size: 39px;font-weight: 400 Normal;\">2018<\/span><span class=\"separator small\" style=\"background-color: #000000;\"><\/span><\/div>[vc_column_text]<span style=\"font-weight: 400;\">Nuevas oficinas y aumento a nuestra l\u00ednea de producci\u00f3n, un \u00e1rea de mantenimiento y dise\u00f1o dedicada, sala de juntas y nuestro Showroom.<\/span>[\/vc_column_text][vc_empty_space][vc_separator type=\u00bbnormal\u00bb color=\u00bb#000000&#8243;][vc_empty_space][\/vc_column][\/vc_row][vc_row css_animation=\u00bb\u00bb row_type=\u00bbrow\u00bb use_row_as_full_screen_section=\u00bbno\u00bb type=\u00bbgrid\u00bb angled_section=\u00bbno\u00bb text_align=\u00bbleft\u00bb background_image_as_pattern=\u00bbwithout_pattern\u00bb z_index=\u00bb\u00bb][vc_column]<div class=\"q_counter_holder  left\" style=\"\"><span class=\"counter  zero\" style=\"color: #000000;font-size: 39px;font-weight: 400 Normal;\">2020<\/span><span class=\"separator small\" style=\"background-color: #000000;\"><\/span><\/div>[vc_column_text]<span style=\"font-weight: 400;\">El concepto de Alineaci\u00f3n Neuro-Ac\u00fastica (ANA\u00ae) se vuelve realidad y es implementado en nuestra l\u00ednea de amplificadores y bocinas, logrando as\u00ed un sonido realista, con una amplia respuesta en frecuencia, una baja distorsi\u00f3n y una precisa reproducci\u00f3n arm\u00f3nica, al priorizar la estructura arm\u00f3nica por sobre el tono fundamental.<\/span>[\/vc_column_text][vc_empty_space][vc_separator type=\u00bbnormal\u00bb color=\u00bb#000000&#8243;][vc_empty_space][\/vc_column][\/vc_row][vc_row css_animation=\u00bb\u00bb row_type=\u00bbrow\u00bb use_row_as_full_screen_section=\u00bbno\u00bb type=\u00bbgrid\u00bb angled_section=\u00bbno\u00bb text_align=\u00bbleft\u00bb background_image_as_pattern=\u00bbwithout_pattern\u00bb z_index=\u00bb\u00bb][vc_column]<div class=\"q_counter_holder  left\" style=\"\"><span class=\"counter  zero\" style=\"color: #000000;font-size: 39px;font-weight: 400 Normal;\">2022<\/span><span class=\"separator small\" style=\"background-color: #000000;\"><\/span><\/div>[vc_column_text]<span style=\"font-weight: 400;\">Para celebrar el 30 aniversario del U-280, Margules lanza la versi\u00f3n limitada de nuestro emblem\u00e1tico amplificador, incorporando en \u00e9l las m\u00e1s innovadoras tecnolog\u00edas desarrolladas a lo largo de tres d\u00e9cadas: ANA\u00ae, fuentes de poder reguladas Shunt, as\u00ed como el redise\u00f1o del Sensor de Fuerza Electromotriz de Retroceso y del Circuito Servo Activo.<\/span>[\/vc_column_text][vc_empty_space][vc_separator type=\u00bbnormal\u00bb color=\u00bb#000000&#8243;][vc_empty_space][\/vc_column][\/vc_row][vc_row css_animation=\u00bb\u00bb row_type=\u00bbrow\u00bb use_row_as_full_screen_section=\u00bbno\u00bb type=\u00bbgrid\u00bb angled_section=\u00bbno\u00bb text_align=\u00bbleft\u00bb background_image_as_pattern=\u00bbwithout_pattern\u00bb z_index=\u00bb\u00bb][vc_column]<div class=\"q_counter_holder  left\" style=\"\"><span class=\"counter  zero\" style=\"color: #000000;font-size: 39px;font-weight: 400 Normal;\">2023<\/span><span class=\"separator small\" style=\"background-color: #000000;\"><\/span><\/div>[vc_column_text]<span style=\"font-weight: 400;\">Margules introduce el Servidor Musical Magenta, el cual permite la reproducci\u00f3n de, virtualmente, cualquier formato digital, gracias a su convertidor digital anal\u00f3gico basado en el chip ESS Sabre y al dise\u00f1o innovador de su circuito anal\u00f3gico. Algunas de las caracter\u00edsticas del Servidor Musical Magenta son las fuentes de poder independientes para los circuitos digital y anal\u00f3gico, esta \u00faltima del tipo Shunt, filtros anal\u00f3gicos totalmente discretos sin retroalimentaci\u00f3n negativa, as\u00ed como la capacidad de recepci\u00f3n a trav\u00e9s de wifi o ethernet.<\/span>[\/vc_column_text][vc_empty_space][vc_separator type=\u00bbnormal\u00bb color=\u00bb#000000&#8243;][vc_empty_space][\/vc_column][\/vc_row][vc_row css_animation=\u00bb\u00bb row_type=\u00bbrow\u00bb use_row_as_full_screen_section=\u00bbno\u00bb type=\u00bbgrid\u00bb angled_section=\u00bbno\u00bb text_align=\u00bbleft\u00bb background_image_as_pattern=\u00bbwithout_pattern\u00bb z_index=\u00bb\u00bb][vc_column]<div class=\"q_counter_holder  left\" style=\"\"><span class=\"counter  zero\" style=\"color: #000000;font-size: 39px;font-weight: 400 Normal;\">2024<\/span><span class=\"separator small\" style=\"background-color: #000000;\"><\/span><\/div>[vc_column_text]<span style=\"font-weight: 400;\">Con el centenario de Margules en M\u00e9xico, y continuando con nuestra visi\u00f3n de innovar tecnol\u00f3gicamente y refinar la experiencia musical, Margules introduce su gama de altavoces Orpheo Century, con un dise\u00f1o vanguardista y perfectamente integrados a la tecnolog\u00eda ANA\u00ae, lo que permite disfrutar de un sonido org\u00e1nico y natural, que recrea im\u00e1genes sonoras n\u00edtidas y claras, capaces de transmitir las emociones de la obra del artista.<\/span>[\/vc_column_text][vc_empty_space][vc_separator type=\u00bbnormal\u00bb color=\u00bb#000000&#8243;][vc_empty_space][\/vc_column][\/vc_row]<\/p>\n","protected":false},"excerpt":{"rendered":"<p>[vc_row css_animation=\u00bb\u00bb row_type=\u00bbrow\u00bb use_row_as_full_screen_section=\u00bbno\u00bb type=\u00bbgrid\u00bb angled_section=\u00bbno\u00bb text_align=\u00bbleft\u00bb background_image_as_pattern=\u00bbwithout_pattern\u00bb padding_bottom=\u00bb56&#8243;][vc_column][vc_single_image image=\u00bb16219&#8243; img_size=\u00bbfull\u00bb alignment=\u00bbcenter\u00bb qode_css_animation=\u00bb\u00bb][vc_separator type=\u00bbtransparent\u00bb up=\u00bb35&#8243; down=\u00bb0&#8243;][vc_column_text] Nuestra historia [\/vc_column_text][vc_separator type=\u00bbtransparent\u00bb up=\u00bb30&#8243; down=\u00bb0&#8243;][\/vc_column][\/vc_row][vc_row css_animation=\u00bb\u00bb row_type=\u00bbrow\u00bb use_row_as_full_screen_section=\u00bbno\u00bb type=\u00bbgrid\u00bb angled_section=\u00bbno\u00bb text_align=\u00bbleft\u00bb background_image_as_pattern=\u00bbwithout_pattern\u00bb z_index=\u00bb\u00bb][vc_column][vc_column_text]\u00a0M\u00e1s de 90 a\u00f1os implementando nuestra tecnolog\u00eda con especial atenci\u00f3n al dise\u00f1o y la innovaci\u00f3n. Actualmente somos la cuarta generaci\u00f3n de ingenieros y artesanos consagrados a desafiar los l\u00edmites en materia de audio. &nbsp; Cada pieza de nuestro cat\u00e1logo se fabrica artesanalmente con los mejores componentes e implementando nuestras innovaciones, espec\u00edficamente la tecnolog\u00eda ANA\u00ae (Alineaci\u00f3n Neuro-Ac\u00fastica), que se concentra en los sonidos inmediatos y cercanos y crea un v\u00ednculo entre ellos&#8230;<\/p>\n","protected":false},"author":1,"featured_media":0,"parent":0,"menu_order":0,"comment_status":"open","ping_status":"open","template":"","meta":{"inline_featured_image":false,"_joinchat":[],"footnotes":""},"class_list":["post-15329","page","type-page","status-publish","hentry"],"_links":{"self":[{"href":"https:\/\/margules.com\/es\/wp-json\/wp\/v2\/pages\/15329","targetHints":{"allow":["GET"]}}],"collection":[{"href":"https:\/\/margules.com\/es\/wp-json\/wp\/v2\/pages"}],"about":[{"href":"https:\/\/margules.com\/es\/wp-json\/wp\/v2\/types\/page"}],"author":[{"embeddable":true,"href":"https:\/\/margules.com\/es\/wp-json\/wp\/v2\/users\/1"}],"replies":[{"embeddable":true,"href":"https:\/\/margules.com\/es\/wp-json\/wp\/v2\/comments?post=15329"}],"version-history":[{"count":60,"href":"https:\/\/margules.com\/es\/wp-json\/wp\/v2\/pages\/15329\/revisions"}],"predecessor-version":[{"id":19215,"href":"https:\/\/margules.com\/es\/wp-json\/wp\/v2\/pages\/15329\/revisions\/19215"}],"wp:attachment":[{"href":"https:\/\/margules.com\/es\/wp-json\/wp\/v2\/media?parent=15329"}],"curies":[{"name":"wp","href":"https:\/\/api.w.org\/{rel}","templated":true}]}}